{"id":803,"date":"2023-06-23T07:43:14","date_gmt":"2023-06-23T05:43:14","guid":{"rendered":"https:\/\/www.ferienwohnungen-kontor.de\/?page_id=803"},"modified":"2026-09-03T22:07:13","modified_gmt":"2026-09-03T20:07:13","slug":"jemgum-2-zimmer-whg","status":"publish","type":"page","link":"https:\/\/www.ferienwohnungen-kontor.de\/en\/jemgum-2-zimmer-whg\/","title":{"rendered":"Jemgum 2-Zimmer WHG"},"content":{"rendered":"\t\t<div data-elementor-type=\"wp-page\" data-elementor-id=\"803\" class=\"elementor elementor-803\" data-elementor-settings=\"{&quot;element_pack_global_tooltip_width&quot;:{&quot;unit&quot;:&quot;px&quot;,&quot;size&quot;:&quot;&quot;,&quot;sizes&quot;:[]},&quot;element_pack_global_tooltip_width_tablet&quot;:{&quot;unit&quot;:&quot;px&quot;,&quot;size&quot;:&quot;&quot;,&quot;sizes&quot;:[]},&quot;element_pack_global_tooltip_width_mobile&quot;:{&quot;unit&quot;:&quot;px&quot;,&quot;size&quot;:&quot;&quot;,&quot;sizes&quot;:[]},&quot;element_pack_global_tooltip_padding&quot;:{&quot;unit&quot;:&quot;px&quot;,&quot;top&quot;:&quot;&quot;,&quot;right&quot;:&quot;&quot;,&quot;bottom&quot;:&quot;&quot;,&quot;left&quot;:&quot;&quot;,&quot;isLinked&quot;:true},&quot;element_pack_global_tooltip_padding_tablet&quot;:{&quot;unit&quot;:&quot;px&quot;,&quot;top&quot;:&quot;&quot;,&quot;right&quot;:&quot;&quot;,&quot;bottom&quot;:&quot;&quot;,&quot;left&quot;:&quot;&quot;,&quot;isLinked&quot;:true},&quot;element_pack_global_tooltip_padding_mobile&quot;:{&quot;unit&quot;:&quot;px&quot;,&quot;top&quot;:&quot;&quot;,&quot;right&quot;:&quot;&quot;,&quot;bottom&quot;:&quot;&quot;,&quot;left&quot;:&quot;&quot;,&quot;isLinked&quot;:true},&quot;element_pack_global_tooltip_border_radius&quot;:{&quot;unit&quot;:&quot;px&quot;,&quot;top&quot;:&quot;&quot;,&quot;right&quot;:&quot;&quot;,&quot;bottom&quot;:&quot;&quot;,&quot;left&quot;:&quot;&quot;,&quot;isLinked&quot;:true},&quot;element_pack_global_tooltip_border_radius_tablet&quot;:{&quot;unit&quot;:&quot;px&quot;,&quot;top&quot;:&quot;&quot;,&quot;right&quot;:&quot;&quot;,&quot;bottom&quot;:&quot;&quot;,&quot;left&quot;:&quot;&quot;,&quot;isLinked&quot;:true},&quot;element_pack_global_tooltip_border_radius_mobile&quot;:{&quot;unit&quot;:&quot;px&quot;,&quot;top&quot;:&quot;&quot;,&quot;right&quot;:&quot;&quot;,&quot;bottom&quot;:&quot;&quot;,&quot;left&quot;:&quot;&quot;,&quot;isLinked&quot;:true}}\" data-elementor-post-type=\"page\">\n\t\t\t\t\t\t<section class=\"elementor-section elementor-top-section elementor-element elementor-element-67450f99 elementor-section-boxed elementor-section-height-default elementor-section-height-default\" data-id=\"67450f99\" data-element_type=\"section\" data-e-type=\"section\" data-settings=\"{&quot;background_background&quot;:&quot;classic&quot;}\">\n\t\t\t\t\t\t\t<div class=\"elementor-background-overlay\"><\/div>\n\t\t\t\t\t\t\t<div class=\"elementor-container elementor-column-gap-default\">\n\t\t\t\t\t<div class=\"elementor-column elementor-col-100 elementor-top-column elementor-element elementor-element-2f4def14\" data-id=\"2f4def14\" data-element_type=\"column\" data-e-type=\"column\">\n\t\t\t<div class=\"elementor-widget-wrap elementor-element-populated\">\n\t\t\t\t\t\t<div class=\"elementor-element elementor-element-4a5773f elementor-invisible elementor-widget elementor-widget-heading\" data-id=\"4a5773f\" data-element_type=\"widget\" data-e-type=\"widget\" data-settings=\"{&quot;_animation&quot;:&quot;fadeInDown&quot;}\" data-widget_type=\"heading.default\">\n\t\t\t\t<div class=\"elementor-widget-container\">\n\t\t\t\t\t<h2 class=\"elementor-heading-title elementor-size-default\">Jemgum<\/h2>\t\t\t\t<\/div>\n\t\t\t\t<\/div>\n\t\t\t\t<div class=\"elementor-element elementor-element-1d5a6876 elementor-invisible elementor-widget elementor-widget-heading\" data-id=\"1d5a6876\" data-element_type=\"widget\" data-e-type=\"widget\" data-settings=\"{&quot;_animation&quot;:&quot;fadeInDown&quot;}\" data-widget_type=\"heading.default\">\n\t\t\t\t<div class=\"elementor-widget-container\">\n\t\t\t\t\t<h2 class=\"elementor-heading-title elementor-size-default\">2 Zimmer WHG<\/h2>\t\t\t\t<\/div>\n\t\t\t\t<\/div>\n\t\t\t\t\t<\/div>\n\t\t<\/div>\n\t\t\t\t\t<\/div>\n\t\t<\/section>\n\t\t\t\t<section class=\"elementor-section elementor-top-section elementor-element elementor-element-1554f7c elementor-section-boxed elementor-section-height-default elementor-section-height-default\" data-id=\"1554f7c\" data-element_type=\"section\" data-e-type=\"section\">\n\t\t\t\t\t\t<div class=\"elementor-container elementor-column-gap-default\">\n\t\t\t\t\t<div class=\"elementor-column elementor-col-66 elementor-top-column elementor-element elementor-element-521d62cb\" data-id=\"521d62cb\" data-element_type=\"column\" data-e-type=\"column\">\n\t\t\t<div class=\"elementor-widget-wrap elementor-element-populated\">\n\t\t\t\t\t\t<div class=\"elementor-element elementor-element-3ef4463a elementor-widget elementor-widget-heading\" data-id=\"3ef4463a\" data-element_type=\"widget\" data-e-type=\"widget\" data-widget_type=\"heading.default\">\n\t\t\t\t<div class=\"elementor-widget-container\">\n\t\t\t\t\t<h2 class=\"elementor-heading-title elementor-size-default\">Beschreibung<\/h2>\t\t\t\t<\/div>\n\t\t\t\t<\/div>\n\t\t\t\t<div class=\"elementor-element elementor-element-51f9824d elementor-widget elementor-widget-text-editor\" data-id=\"51f9824d\" data-element_type=\"widget\" data-e-type=\"widget\" data-widget_type=\"text-editor.default\">\n\t\t\t\t<div class=\"elementor-widget-container\">\n\t\t\t\t\t\t\t\t\t<p>Diese Wohnung befindet sich in Jemgum in einer ruhigen Wohngegend! Im Ort finden Sie Einkaufsm\u00f6glichkeiten. Die Stadt Leer erreichen Sie schnell in nur 15 Autominuten. In ca. 20 Autominuten erreichen Sie die Meyer Werft!<\/p>\t\t\t\t\t\t\t\t<\/div>\n\t\t\t\t<\/div>\n\t\t\t\t<div class=\"elementor-element elementor-element-91e39fd elementor-widget-divider--view-line elementor-widget elementor-widget-divider\" data-id=\"91e39fd\" data-element_type=\"widget\" data-e-type=\"widget\" data-widget_type=\"divider.default\">\n\t\t\t\t<div class=\"elementor-widget-container\">\n\t\t\t\t\t\t\t<div class=\"elementor-divider\">\n\t\t\t<span class=\"elementor-divider-separator\">\n\t\t\t\t\t\t<\/span>\n\t\t<\/div>\n\t\t\t\t\t\t<\/div>\n\t\t\t\t<\/div>\n\t\t\t\t<div class=\"elementor-element elementor-element-666d7b1 elementor-widget elementor-widget-heading\" data-id=\"666d7b1\" data-element_type=\"widget\" data-e-type=\"widget\" data-widget_type=\"heading.default\">\n\t\t\t\t<div class=\"elementor-widget-container\">\n\t\t\t\t\t<h2 class=\"elementor-heading-title elementor-size-default\">Preis:<\/h2>\t\t\t\t<\/div>\n\t\t\t\t<\/div>\n\t\t\t\t<div class=\"elementor-element elementor-element-2818290 elementor-widget elementor-widget-text-editor\" data-id=\"2818290\" data-element_type=\"widget\" data-e-type=\"widget\" data-widget_type=\"text-editor.default\">\n\t\t\t\t<div class=\"elementor-widget-container\">\n\t\t\t\t\t\t\t\t\t<p>auf Anfrage<\/p>\t\t\t\t\t\t\t\t<\/div>\n\t\t\t\t<\/div>\n\t\t\t\t<div class=\"elementor-element elementor-element-13cb439 elementor-widget elementor-widget-text-editor\" data-id=\"13cb439\" data-element_type=\"widget\" data-e-type=\"widget\" data-widget_type=\"text-editor.default\">\n\t\t\t\t<div class=\"elementor-widget-container\">\n\t\t\t\t\t\t\t\t\t<p>Endreinigung und Zwischenreinigungen sind jederzeit gegen Aufpreis m\u00f6glich<\/p>\t\t\t\t\t\t\t\t<\/div>\n\t\t\t\t<\/div>\n\t\t\t\t<div class=\"elementor-element elementor-element-37261791 elementor-widget-divider--view-line elementor-widget elementor-widget-divider\" data-id=\"37261791\" data-element_type=\"widget\" data-e-type=\"widget\" data-widget_type=\"divider.default\">\n\t\t\t\t<div class=\"elementor-widget-container\">\n\t\t\t\t\t\t\t<div class=\"elementor-divider\">\n\t\t\t<span class=\"elementor-divider-separator\">\n\t\t\t\t\t\t<\/span>\n\t\t<\/div>\n\t\t\t\t\t\t<\/div>\n\t\t\t\t<\/div>\n\t\t\t\t<div class=\"elementor-element elementor-element-87f6683 elementor-widget elementor-widget-heading\" data-id=\"87f6683\" data-element_type=\"widget\" data-e-type=\"widget\" data-widget_type=\"heading.default\">\n\t\t\t\t<div class=\"elementor-widget-container\">\n\t\t\t\t\t<h2 class=\"elementor-heading-title elementor-size-default\">Lageplan:<\/h2>\t\t\t\t<\/div>\n\t\t\t\t<\/div>\n\t\t\t\t<div class=\"elementor-element elementor-element-96c6b31 elementor-widget elementor-widget-text-editor\" data-id=\"96c6b31\" data-element_type=\"widget\" data-e-type=\"widget\" data-widget_type=\"text-editor.default\">\n\t\t\t\t<div class=\"elementor-widget-container\">\n\t\t\t\t\t\t\t\t\t<p>(Bitte auf den Link klicken, um Google Maps zu \u00f6ffnen)<\/p>\t\t\t\t\t\t\t\t<\/div>\n\t\t\t\t<\/div>\n\t\t\t\t<div class=\"elementor-element elementor-element-3470312 elementor-widget elementor-widget-text-editor\" data-id=\"3470312\" data-element_type=\"widget\" data-e-type=\"widget\" data-widget_type=\"text-editor.default\">\n\t\t\t\t<div class=\"elementor-widget-container\">\n\t\t\t\t\t\t\t\t\t<p><a href=\"https:\/\/goo.gl\/maps\/Z4v8E5sagbnrxR3Y6\" target=\"_blank\" rel=\"noopener\">Jemgum in Ostfriesland<\/a><\/p>\t\t\t\t\t\t\t\t<\/div>\n\t\t\t\t<\/div>\n\t\t\t\t\t<\/div>\n\t\t<\/div>\n\t\t\t\t<div class=\"elementor-column elementor-col-33 elementor-top-column elementor-element elementor-element-22deca21\" data-id=\"22deca21\" data-element_type=\"column\" data-e-type=\"column\" data-settings=\"{&quot;background_background&quot;:&quot;classic&quot;}\">\n\t\t\t<div class=\"elementor-widget-wrap elementor-element-populated\">\n\t\t\t\t\t\t<div class=\"elementor-element elementor-element-41d442df elementor-widget elementor-widget-heading\" data-id=\"41d442df\" data-element_type=\"widget\" data-e-type=\"widget\" data-widget_type=\"heading.default\">\n\t\t\t\t<div class=\"elementor-widget-container\">\n\t\t\t\t\t<h2 class=\"elementor-heading-title elementor-size-default\">Ausstattung:<\/h2>\t\t\t\t<\/div>\n\t\t\t\t<\/div>\n\t\t\t\t<div class=\"elementor-element elementor-element-5669b432 elementor-widget-divider--view-line elementor-widget elementor-widget-divider\" data-id=\"5669b432\" data-element_type=\"widget\" data-e-type=\"widget\" data-widget_type=\"divider.default\">\n\t\t\t\t<div class=\"elementor-widget-container\">\n\t\t\t\t\t\t\t<div class=\"elementor-divider\">\n\t\t\t<span class=\"elementor-divider-separator\">\n\t\t\t\t\t\t<\/span>\n\t\t<\/div>\n\t\t\t\t\t\t<\/div>\n\t\t\t\t<\/div>\n\t\t\t\t<div class=\"elementor-element elementor-element-3e2072b9 elementor-icon-list--layout-traditional elementor-list-item-link-full_width elementor-widget elementor-widget-icon-list\" data-id=\"3e2072b9\" data-element_type=\"widget\" data-e-type=\"widget\" data-widget_type=\"icon-list.default\">\n\t\t\t\t<div class=\"elementor-widget-container\">\n\t\t\t\t\t\t\t<ul class=\"elementor-icon-list-items\">\n\t\t\t\t\t\t\t<li class=\"elementor-icon-list-item\">\n\t\t\t\t\t\t\t\t\t\t\t<span class=\"elementor-icon-list-icon\">\n\t\t\t\t\t\t\t<i aria-hidden=\"true\" class=\"fas fa-clipboard-check\"><\/i>\t\t\t\t\t\t<\/span>\n\t\t\t\t\t\t\t\t\t\t<span class=\"elementor-icon-list-text\">2 Zimmer<\/span>\n\t\t\t\t\t\t\t\t\t<\/li>\n\t\t\t\t\t\t\t\t<li class=\"elementor-icon-list-item\">\n\t\t\t\t\t\t\t\t\t\t\t<span class=\"elementor-icon-list-icon\">\n\t\t\t\t\t\t\t<i aria-hidden=\"true\" class=\"fas fa-clipboard-check\"><\/i>\t\t\t\t\t\t<\/span>\n\t\t\t\t\t\t\t\t\t\t<span class=\"elementor-icon-list-text\">2 Schlafzimmer<\/span>\n\t\t\t\t\t\t\t\t\t<\/li>\n\t\t\t\t\t\t\t\t<li class=\"elementor-icon-list-item\">\n\t\t\t\t\t\t\t\t\t\t\t<span class=\"elementor-icon-list-icon\">\n\t\t\t\t\t\t\t<i aria-hidden=\"true\" class=\"fas fa-clipboard-check\"><\/i>\t\t\t\t\t\t<\/span>\n\t\t\t\t\t\t\t\t\t\t<span class=\"elementor-icon-list-text\">1 Duschbad<\/span>\n\t\t\t\t\t\t\t\t\t<\/li>\n\t\t\t\t\t\t\t\t<li class=\"elementor-icon-list-item\">\n\t\t\t\t\t\t\t\t\t\t\t<span class=\"elementor-icon-list-icon\">\n\t\t\t\t\t\t\t<i aria-hidden=\"true\" class=\"fas fa-clipboard-check\"><\/i>\t\t\t\t\t\t<\/span>\n\t\t\t\t\t\t\t\t\t\t<span class=\"elementor-icon-list-text\">K\u00fcche<\/span>\n\t\t\t\t\t\t\t\t\t<\/li>\n\t\t\t\t\t\t\t\t<li class=\"elementor-icon-list-item\">\n\t\t\t\t\t\t\t\t\t\t\t<span class=\"elementor-icon-list-icon\">\n\t\t\t\t\t\t\t<i aria-hidden=\"true\" class=\"fas fa-clipboard-check\"><\/i>\t\t\t\t\t\t<\/span>\n\t\t\t\t\t\t\t\t\t\t<span class=\"elementor-icon-list-text\">W-Lan<\/span>\n\t\t\t\t\t\t\t\t\t<\/li>\n\t\t\t\t\t\t\t\t<li class=\"elementor-icon-list-item\">\n\t\t\t\t\t\t\t\t\t\t\t<span class=\"elementor-icon-list-icon\">\n\t\t\t\t\t\t\t<i aria-hidden=\"true\" class=\"fas fa-clipboard-check\"><\/i>\t\t\t\t\t\t<\/span>\n\t\t\t\t\t\t\t\t\t\t<span class=\"elementor-icon-list-text\">Smart TV<\/span>\n\t\t\t\t\t\t\t\t\t<\/li>\n\t\t\t\t\t\t\t\t<li class=\"elementor-icon-list-item\">\n\t\t\t\t\t\t\t\t\t\t\t<span class=\"elementor-icon-list-icon\">\n\t\t\t\t\t\t\t<i aria-hidden=\"true\" class=\"fas fa-clipboard-check\"><\/i>\t\t\t\t\t\t<\/span>\n\t\t\t\t\t\t\t\t\t\t<span class=\"elementor-icon-list-text\">Terrasse<\/span>\n\t\t\t\t\t\t\t\t\t<\/li>\n\t\t\t\t\t\t\t\t<li class=\"elementor-icon-list-item\">\n\t\t\t\t\t\t\t\t\t\t\t<span class=\"elementor-icon-list-icon\">\n\t\t\t\t\t\t\t<i aria-hidden=\"true\" class=\"fas fa-clipboard-check\"><\/i>\t\t\t\t\t\t<\/span>\n\t\t\t\t\t\t\t\t\t\t<span class=\"elementor-icon-list-text\">PKW Stellpl\u00e4tze vorhanden<\/span>\n\t\t\t\t\t\t\t\t\t<\/li>\n\t\t\t\t\t\t\t\t<li class=\"elementor-icon-list-item\">\n\t\t\t\t\t\t\t\t\t\t\t<span class=\"elementor-icon-list-icon\">\n\t\t\t\t\t\t\t<i aria-hidden=\"true\" class=\"fas fa-clipboard-check\"><\/i>\t\t\t\t\t\t<\/span>\n\t\t\t\t\t\t\t\t\t\t<span class=\"elementor-icon-list-text\">Waschmaschine und W\u00e4schetrockner sind vorhanden<\/span>\n\t\t\t\t\t\t\t\t\t<\/li>\n\t\t\t\t\t\t\t\t<li class=\"elementor-icon-list-item\">\n\t\t\t\t\t\t\t\t\t\t\t<span class=\"elementor-icon-list-icon\">\n\t\t\t\t\t\t\t<i aria-hidden=\"true\" class=\"fas fa-clipboard-check\"><\/i>\t\t\t\t\t\t<\/span>\n\t\t\t\t\t\t\t\t\t\t<span class=\"elementor-icon-list-text\">Alle Doppelzimmer k\u00f6nnen auch einzeln belegt werden<\/span>\n\t\t\t\t\t\t\t\t\t<\/li>\n\t\t\t\t\t\t<\/ul>\n\t\t\t\t\t\t<\/div>\n\t\t\t\t<\/div>\n\t\t\t\t\t<\/div>\n\t\t<\/div>\n\t\t\t\t\t<\/div>\n\t\t<\/section>\n\t\t\t\t<section class=\"elementor-section elementor-top-section elementor-element elementor-element-f84a088 elementor-section-boxed elementor-section-height-default elementor-section-height-default\" data-id=\"f84a088\" data-element_type=\"section\" data-e-type=\"section\" data-settings=\"{&quot;background_background&quot;:&quot;classic&quot;}\">\n\t\t\t\t\t\t<div class=\"elementor-container elementor-column-gap-default\">\n\t\t\t\t\t<div class=\"elementor-column elementor-col-100 elementor-top-column elementor-element elementor-element-e189600\" data-id=\"e189600\" data-element_type=\"column\" data-e-type=\"column\">\n\t\t\t<div class=\"elementor-widget-wrap elementor-element-populated\">\n\t\t\t\t\t\t<div class=\"elementor-element elementor-element-c03a501 elementor-widget elementor-widget-heading\" data-id=\"c03a501\" data-element_type=\"widget\" data-e-type=\"widget\" data-widget_type=\"heading.default\">\n\t\t\t\t<div class=\"elementor-widget-container\">\n\t\t\t\t\t<h2 class=\"elementor-heading-title elementor-size-default\">Bildergalerie<\/h2>\t\t\t\t<\/div>\n\t\t\t\t<\/div>\n\t\t\t\t<div class=\"elementor-element elementor-element-86a0096 bdt-navigation-type-both elementor-widget elementor-widget-bdt-advanced-image-gallery\" data-id=\"86a0096\" data-element_type=\"widget\" data-e-type=\"widget\" data-widget_type=\"bdt-advanced-image-gallery.bdt-carousel\">\n\t\t\t\t<div class=\"elementor-widget-container\">\n\t\t\t\t\t\t\t<div class=\"bdt-arrows-dots-align-center  \" data-bdt-slider=\"{&quot;autoplay&quot;:true,&quot;autoplay-interval&quot;:7000,&quot;finite&quot;:false,&quot;pause-on-hover&quot;:true,&quot;center&quot;:false,&quot;sets&quot;:false}\">\n\t\t\t<div id=\"bdt-avdg-86a0096\" class=\"bdt-ep-advanced-image-gallery bdt-ep-advanced-image-gallery-skin-carousel bdt-grid bdt-grid-small bdt-slider-items bdt-child-width-1-1 bdt-child-width-1-3@s bdt-child-width-1-4@m\" data-bdt-grid=\"\" data-bdt-lightbox=\"animation: slide\" data-settings=\"{&quot;id&quot;:&quot;#bdt-avdg-86a0096&quot;,&quot;tiltShow&quot;:false}\">\n\t\t\t\t\t\t\n\t\t\t<div class=\"bdt-ep-advanced-image-gallery-item bdt-transition-toggle\">\n\t\t\t\t<div class=\"bdt-ep-advanced-image-gallery-inner bdt-image-mask\">\n\t\t\t\t\t<div class=\"bdt-ep-advanced-image-gallery-thumbnail bdt-transition-toggle\"><img fetchpriority=\"high\" decoding=\"async\" width=\"800\" height=\"600\" src=\"https:\/\/www.ferienwohnungen-kontor.de\/wp-content\/uploads\/2023\/07\/jemgum-ostfr-kueche-1024x768.jpg\" class=\"jgalleryImage\" alt=\"Jemgum Ostfriesland K\u00fcche EG\" srcset=\"https:\/\/www.ferienwohnungen-kontor.de\/wp-content\/uploads\/2023\/07\/jemgum-ostfr-kueche-1024x768.jpg 1024w, https:\/\/www.ferienwohnungen-kontor.de\/wp-content\/uploads\/2023\/07\/jemgum-ostfr-kueche-300x225.jpg 300w, https:\/\/www.ferienwohnungen-kontor.de\/wp-content\/uploads\/2023\/07\/jemgum-ostfr-kueche-768x576.jpg 768w, https:\/\/www.ferienwohnungen-kontor.de\/wp-content\/uploads\/2023\/07\/jemgum-ostfr-kueche-1536x1152.jpg 1536w, https:\/\/www.ferienwohnungen-kontor.de\/wp-content\/uploads\/2023\/07\/jemgum-ostfr-kueche.jpg 1600w\" sizes=\"(max-width: 800px) 100vw, 800px\" \/><\/div>\t\t<div class=\"bdt-position-cover bdt-overlay bdt-overlay-default bdt-transition-fade\">\n\t\t\t<div class=\"bdt-ep-advanced-image-gallery-content\">\n\t\t\t\t<div class=\"bdt-ep-advanced-image-gallery-content-inner\">\n\n\t\t\t\t\t\t\t\t\t\t\t\t\t\t\t\t<div class=\"bdt-flex-inline bdt-ep-advanced-image-gallery-item-link-wrapper\">\n\t\t\t\t\t\t\t<a class=\"bdt-ep-advanced-image-gallery-item-link elementor-clickable icon-type-icon \" data-elementor-open-lightbox=\"no\" data-caption=\"Ferienwohnung, Monteurwohnung, Monteurzimmer, Ostfriesland, Jemgum, Urlaub, Fehnroute, Nordsee, Meyerwerft, Papenburg, Leer, FeWo, Entspannung\" data-href=\"https:\/\/www.ferienwohnungen-kontor.de\/wp-content\/uploads\/2023\/07\/jemgum-ostfr-kueche.jpg\">\n\t\t\t\t\t\t\t\t\n\t\t\t\t\t\t\t\t\t\t\t\t\t\t\t\t\t\t\t<span>\n\t\t\t\t\t\t\t\t\t\t\t<i class=\"ep-icon-plus-2\"><\/i>\n\t\t\t\t\t\t\t\t\t\t<\/span>\n\t\t\t\t\t\t\t\t\t\n\t\t\t\t\t\t\t\t\t\t\t\t\t\t\t<\/a>\n\t\t\t\t\t\t<\/div>\n\t\t\t\t\t\n\t\t\t\t\t\t\t\t\t<\/div>\n\t\t\t<\/div>\n\t\t<\/div>\n\t\t\t\t<\/div>\n\n\t\t\t\t\t\t\t<\/div>\n\n\t\t\t\t\t\t\n\t\t\t<div class=\"bdt-ep-advanced-image-gallery-item bdt-transition-toggle\">\n\t\t\t\t<div class=\"bdt-ep-advanced-image-gallery-inner bdt-image-mask\">\n\t\t\t\t\t<div class=\"bdt-ep-advanced-image-gallery-thumbnail bdt-transition-toggle\"><img decoding=\"async\" width=\"678\" height=\"511\" src=\"https:\/\/www.ferienwohnungen-kontor.de\/wp-content\/uploads\/2023\/07\/jemgum-ostfr-fassade01.jpg\" class=\"jgalleryImage\" alt=\"Jemgum Ostfriesland Garten\" srcset=\"https:\/\/www.ferienwohnungen-kontor.de\/wp-content\/uploads\/2023\/07\/jemgum-ostfr-fassade01.jpg 678w, https:\/\/www.ferienwohnungen-kontor.de\/wp-content\/uploads\/2023\/07\/jemgum-ostfr-fassade01-300x226.jpg 300w\" sizes=\"(max-width: 678px) 100vw, 678px\" \/><\/div>\t\t<div class=\"bdt-position-cover bdt-overlay bdt-overlay-default bdt-transition-fade\">\n\t\t\t<div class=\"bdt-ep-advanced-image-gallery-content\">\n\t\t\t\t<div class=\"bdt-ep-advanced-image-gallery-content-inner\">\n\n\t\t\t\t\t\t\t\t\t\t\t\t\t\t\t\t<div class=\"bdt-flex-inline bdt-ep-advanced-image-gallery-item-link-wrapper\">\n\t\t\t\t\t\t\t<a class=\"bdt-ep-advanced-image-gallery-item-link elementor-clickable icon-type-icon \" data-elementor-open-lightbox=\"no\" data-caption=\"Ferienwohnung, Monteurwohnung, Monteurzimmer, Ostfriesland, Jemgum, Urlaub, Fehnroute, Nordsee, Meyerwerft, Papenburg, Leer, FeWo, Entspannung, Garten\" data-href=\"https:\/\/www.ferienwohnungen-kontor.de\/wp-content\/uploads\/2023\/07\/jemgum-ostfr-fassade01.jpg\">\n\t\t\t\t\t\t\t\t\n\t\t\t\t\t\t\t\t\t\t\t\t\t\t\t\t\t\t\t<span>\n\t\t\t\t\t\t\t\t\t\t\t<i class=\"ep-icon-plus-2\"><\/i>\n\t\t\t\t\t\t\t\t\t\t<\/span>\n\t\t\t\t\t\t\t\t\t\n\t\t\t\t\t\t\t\t\t\t\t\t\t\t\t<\/a>\n\t\t\t\t\t\t<\/div>\n\t\t\t\t\t\n\t\t\t\t\t\t\t\t\t<\/div>\n\t\t\t<\/div>\n\t\t<\/div>\n\t\t\t\t<\/div>\n\n\t\t\t\t\t\t\t<\/div>\n\n\t\t\t\t\t\t\n\t\t\t<div class=\"bdt-ep-advanced-image-gallery-item bdt-transition-toggle\">\n\t\t\t\t<div class=\"bdt-ep-advanced-image-gallery-inner bdt-image-mask\">\n\t\t\t\t\t<div class=\"bdt-ep-advanced-image-gallery-thumbnail bdt-transition-toggle\"><img decoding=\"async\" width=\"678\" height=\"511\" src=\"https:\/\/www.ferienwohnungen-kontor.de\/wp-content\/uploads\/2023\/07\/jemgum-ostfr-fassade02.jpg\" class=\"jgalleryImage\" alt=\"Jemgum Ostfriesland Garten\" srcset=\"https:\/\/www.ferienwohnungen-kontor.de\/wp-content\/uploads\/2023\/07\/jemgum-ostfr-fassade02.jpg 678w, https:\/\/www.ferienwohnungen-kontor.de\/wp-content\/uploads\/2023\/07\/jemgum-ostfr-fassade02-300x226.jpg 300w\" sizes=\"(max-width: 678px) 100vw, 678px\" \/><\/div>\t\t<div class=\"bdt-position-cover bdt-overlay bdt-overlay-default bdt-transition-fade\">\n\t\t\t<div class=\"bdt-ep-advanced-image-gallery-content\">\n\t\t\t\t<div class=\"bdt-ep-advanced-image-gallery-content-inner\">\n\n\t\t\t\t\t\t\t\t\t\t\t\t\t\t\t\t<div class=\"bdt-flex-inline bdt-ep-advanced-image-gallery-item-link-wrapper\">\n\t\t\t\t\t\t\t<a class=\"bdt-ep-advanced-image-gallery-item-link elementor-clickable icon-type-icon \" data-elementor-open-lightbox=\"no\" data-caption=\"Ferienwohnung, Monteurwohnung, Monteurzimmer, Ostfriesland, Jemgum, Urlaub, Fehnroute, Nordsee, Meyerwerft, Papenburg, Leer, FeWo, Entspannung, Garten\" data-href=\"https:\/\/www.ferienwohnungen-kontor.de\/wp-content\/uploads\/2023\/07\/jemgum-ostfr-fassade02.jpg\">\n\t\t\t\t\t\t\t\t\n\t\t\t\t\t\t\t\t\t\t\t\t\t\t\t\t\t\t\t<span>\n\t\t\t\t\t\t\t\t\t\t\t<i class=\"ep-icon-plus-2\"><\/i>\n\t\t\t\t\t\t\t\t\t\t<\/span>\n\t\t\t\t\t\t\t\t\t\n\t\t\t\t\t\t\t\t\t\t\t\t\t\t\t<\/a>\n\t\t\t\t\t\t<\/div>\n\t\t\t\t\t\n\t\t\t\t\t\t\t\t\t<\/div>\n\t\t\t<\/div>\n\t\t<\/div>\n\t\t\t\t<\/div>\n\n\t\t\t\t\t\t\t<\/div>\n\n\t\t\t\t\t\t\n\t\t\t<div class=\"bdt-ep-advanced-image-gallery-item bdt-transition-toggle\">\n\t\t\t\t<div class=\"bdt-ep-advanced-image-gallery-inner bdt-image-mask\">\n\t\t\t\t\t<div class=\"bdt-ep-advanced-image-gallery-thumbnail bdt-transition-toggle\"><img loading=\"lazy\" decoding=\"async\" width=\"800\" height=\"600\" src=\"https:\/\/www.ferienwohnungen-kontor.de\/wp-content\/uploads\/2023\/07\/jemgum-ostfr-schlafzimmer01-1024x768.jpg\" class=\"jgalleryImage\" alt=\"Jemgum Ostfriesland Schlafzimmer\" srcset=\"https:\/\/www.ferienwohnungen-kontor.de\/wp-content\/uploads\/2023\/07\/jemgum-ostfr-schlafzimmer01-1024x768.jpg 1024w, https:\/\/www.ferienwohnungen-kontor.de\/wp-content\/uploads\/2023\/07\/jemgum-ostfr-schlafzimmer01-300x225.jpg 300w, https:\/\/www.ferienwohnungen-kontor.de\/wp-content\/uploads\/2023\/07\/jemgum-ostfr-schlafzimmer01-768x576.jpg 768w, https:\/\/www.ferienwohnungen-kontor.de\/wp-content\/uploads\/2023\/07\/jemgum-ostfr-schlafzimmer01-1536x1152.jpg 1536w, https:\/\/www.ferienwohnungen-kontor.de\/wp-content\/uploads\/2023\/07\/jemgum-ostfr-schlafzimmer01.jpg 1600w\" sizes=\"(max-width: 800px) 100vw, 800px\" \/><\/div>\t\t<div class=\"bdt-position-cover bdt-overlay bdt-overlay-default bdt-transition-fade\">\n\t\t\t<div class=\"bdt-ep-advanced-image-gallery-content\">\n\t\t\t\t<div class=\"bdt-ep-advanced-image-gallery-content-inner\">\n\n\t\t\t\t\t\t\t\t\t\t\t\t\t\t\t\t<div class=\"bdt-flex-inline bdt-ep-advanced-image-gallery-item-link-wrapper\">\n\t\t\t\t\t\t\t<a class=\"bdt-ep-advanced-image-gallery-item-link elementor-clickable icon-type-icon \" data-elementor-open-lightbox=\"no\" data-caption=\"Ferienwohnung, Monteurwohnung, Monteurzimmer, Ostfriesland, Jemgum, Urlaub, Fehnroute, Nordsee, Meyerwerft, Papenburg, Leer, FeWo, Entspannung\" data-href=\"https:\/\/www.ferienwohnungen-kontor.de\/wp-content\/uploads\/2023\/07\/jemgum-ostfr-schlafzimmer01.jpg\">\n\t\t\t\t\t\t\t\t\n\t\t\t\t\t\t\t\t\t\t\t\t\t\t\t\t\t\t\t<span>\n\t\t\t\t\t\t\t\t\t\t\t<i class=\"ep-icon-plus-2\"><\/i>\n\t\t\t\t\t\t\t\t\t\t<\/span>\n\t\t\t\t\t\t\t\t\t\n\t\t\t\t\t\t\t\t\t\t\t\t\t\t\t<\/a>\n\t\t\t\t\t\t<\/div>\n\t\t\t\t\t\n\t\t\t\t\t\t\t\t\t<\/div>\n\t\t\t<\/div>\n\t\t<\/div>\n\t\t\t\t<\/div>\n\n\t\t\t\t\t\t\t<\/div>\n\n\t\t\t\t\t\t\n\t\t\t<div class=\"bdt-ep-advanced-image-gallery-item bdt-transition-toggle\">\n\t\t\t\t<div class=\"bdt-ep-advanced-image-gallery-inner bdt-image-mask\">\n\t\t\t\t\t<div class=\"bdt-ep-advanced-image-gallery-thumbnail bdt-transition-toggle\"><img loading=\"lazy\" decoding=\"async\" width=\"768\" height=\"1024\" src=\"https:\/\/www.ferienwohnungen-kontor.de\/wp-content\/uploads\/2023\/07\/jemgum-ostfr-badezimmer-768x1024.jpg\" class=\"jgalleryImage\" alt=\"Jemgum Ostfriesland Badezimmer\" srcset=\"https:\/\/www.ferienwohnungen-kontor.de\/wp-content\/uploads\/2023\/07\/jemgum-ostfr-badezimmer-768x1024.jpg 768w, https:\/\/www.ferienwohnungen-kontor.de\/wp-content\/uploads\/2023\/07\/jemgum-ostfr-badezimmer-225x300.jpg 225w, https:\/\/www.ferienwohnungen-kontor.de\/wp-content\/uploads\/2023\/07\/jemgum-ostfr-badezimmer-1152x1536.jpg 1152w, https:\/\/www.ferienwohnungen-kontor.de\/wp-content\/uploads\/2023\/07\/jemgum-ostfr-badezimmer.jpg 1200w\" sizes=\"(max-width: 768px) 100vw, 768px\" \/><\/div>\t\t<div class=\"bdt-position-cover bdt-overlay bdt-overlay-default bdt-transition-fade\">\n\t\t\t<div class=\"bdt-ep-advanced-image-gallery-content\">\n\t\t\t\t<div class=\"bdt-ep-advanced-image-gallery-content-inner\">\n\n\t\t\t\t\t\t\t\t\t\t\t\t\t\t\t\t<div class=\"bdt-flex-inline bdt-ep-advanced-image-gallery-item-link-wrapper\">\n\t\t\t\t\t\t\t<a class=\"bdt-ep-advanced-image-gallery-item-link elementor-clickable icon-type-icon \" data-elementor-open-lightbox=\"no\" data-caption=\"Ferienwohnung, Monteurwohnung, Monteurzimmer, Ostfriesland, Jemgum, Urlaub, Fehnroute, Nordsee, Meyerwerft, Papenburg, Leer, FeWo, Entspannung\" data-href=\"https:\/\/www.ferienwohnungen-kontor.de\/wp-content\/uploads\/2023\/07\/jemgum-ostfr-badezimmer.jpg\">\n\t\t\t\t\t\t\t\t\n\t\t\t\t\t\t\t\t\t\t\t\t\t\t\t\t\t\t\t<span>\n\t\t\t\t\t\t\t\t\t\t\t<i class=\"ep-icon-plus-2\"><\/i>\n\t\t\t\t\t\t\t\t\t\t<\/span>\n\t\t\t\t\t\t\t\t\t\n\t\t\t\t\t\t\t\t\t\t\t\t\t\t\t<\/a>\n\t\t\t\t\t\t<\/div>\n\t\t\t\t\t\n\t\t\t\t\t\t\t\t\t<\/div>\n\t\t\t<\/div>\n\t\t<\/div>\n\t\t\t\t<\/div>\n\n\t\t\t\t\t\t\t<\/div>\n\n\t\t\t\t\t\t\n\t\t\t<div class=\"bdt-ep-advanced-image-gallery-item bdt-transition-toggle\">\n\t\t\t\t<div class=\"bdt-ep-advanced-image-gallery-inner bdt-image-mask\">\n\t\t\t\t\t<div class=\"bdt-ep-advanced-image-gallery-thumbnail bdt-transition-toggle\"><img loading=\"lazy\" decoding=\"async\" width=\"800\" height=\"600\" src=\"https:\/\/www.ferienwohnungen-kontor.de\/wp-content\/uploads\/2023\/07\/jemgum-ostfr-schlafzimmer02-1024x768.jpg\" class=\"jgalleryImage\" alt=\"Jemgum Ostfriesland Schlafzimmer\" srcset=\"https:\/\/www.ferienwohnungen-kontor.de\/wp-content\/uploads\/2023\/07\/jemgum-ostfr-schlafzimmer02-1024x768.jpg 1024w, https:\/\/www.ferienwohnungen-kontor.de\/wp-content\/uploads\/2023\/07\/jemgum-ostfr-schlafzimmer02-300x225.jpg 300w, https:\/\/www.ferienwohnungen-kontor.de\/wp-content\/uploads\/2023\/07\/jemgum-ostfr-schlafzimmer02-768x576.jpg 768w, https:\/\/www.ferienwohnungen-kontor.de\/wp-content\/uploads\/2023\/07\/jemgum-ostfr-schlafzimmer02-1536x1152.jpg 1536w, https:\/\/www.ferienwohnungen-kontor.de\/wp-content\/uploads\/2023\/07\/jemgum-ostfr-schlafzimmer02.jpg 1600w\" sizes=\"(max-width: 800px) 100vw, 800px\" \/><\/div>\t\t<div class=\"bdt-position-cover bdt-overlay bdt-overlay-default bdt-transition-fade\">\n\t\t\t<div class=\"bdt-ep-advanced-image-gallery-content\">\n\t\t\t\t<div class=\"bdt-ep-advanced-image-gallery-content-inner\">\n\n\t\t\t\t\t\t\t\t\t\t\t\t\t\t\t\t<div class=\"bdt-flex-inline bdt-ep-advanced-image-gallery-item-link-wrapper\">\n\t\t\t\t\t\t\t<a class=\"bdt-ep-advanced-image-gallery-item-link elementor-clickable icon-type-icon \" data-elementor-open-lightbox=\"no\" data-caption=\"Ferienwohnung, Monteurwohnung, Monteurzimmer, Ostfriesland, Jemgum, Urlaub, Fehnroute, Nordsee, Meyerwerft, Papenburg, Leer, FeWo, Entspannung\" data-href=\"https:\/\/www.ferienwohnungen-kontor.de\/wp-content\/uploads\/2023\/07\/jemgum-ostfr-schlafzimmer02.jpg\">\n\t\t\t\t\t\t\t\t\n\t\t\t\t\t\t\t\t\t\t\t\t\t\t\t\t\t\t\t<span>\n\t\t\t\t\t\t\t\t\t\t\t<i class=\"ep-icon-plus-2\"><\/i>\n\t\t\t\t\t\t\t\t\t\t<\/span>\n\t\t\t\t\t\t\t\t\t\n\t\t\t\t\t\t\t\t\t\t\t\t\t\t\t<\/a>\n\t\t\t\t\t\t<\/div>\n\t\t\t\t\t\n\t\t\t\t\t\t\t\t\t<\/div>\n\t\t\t<\/div>\n\t\t<\/div>\n\t\t\t\t<\/div>\n\n\t\t\t\t\t\t\t<\/div>\n\n\t\t\t\t\t\t\n\t\t\t<div class=\"bdt-ep-advanced-image-gallery-item bdt-transition-toggle\">\n\t\t\t\t<div class=\"bdt-ep-advanced-image-gallery-inner bdt-image-mask\">\n\t\t\t\t\t<div class=\"bdt-ep-advanced-image-gallery-thumbnail bdt-transition-toggle\"><img loading=\"lazy\" decoding=\"async\" width=\"800\" height=\"600\" src=\"https:\/\/www.ferienwohnungen-kontor.de\/wp-content\/uploads\/2023\/07\/jemgum-ostfr-wohnzimmer-1024x768.jpg\" class=\"jgalleryImage\" alt=\"Jemgum Ostfriesland Wohnzimmer\" srcset=\"https:\/\/www.ferienwohnungen-kontor.de\/wp-content\/uploads\/2023\/07\/jemgum-ostfr-wohnzimmer-1024x768.jpg 1024w, https:\/\/www.ferienwohnungen-kontor.de\/wp-content\/uploads\/2023\/07\/jemgum-ostfr-wohnzimmer-300x225.jpg 300w, https:\/\/www.ferienwohnungen-kontor.de\/wp-content\/uploads\/2023\/07\/jemgum-ostfr-wohnzimmer-768x576.jpg 768w, https:\/\/www.ferienwohnungen-kontor.de\/wp-content\/uploads\/2023\/07\/jemgum-ostfr-wohnzimmer-1536x1152.jpg 1536w, https:\/\/www.ferienwohnungen-kontor.de\/wp-content\/uploads\/2023\/07\/jemgum-ostfr-wohnzimmer.jpg 1600w\" sizes=\"(max-width: 800px) 100vw, 800px\" \/><\/div>\t\t<div class=\"bdt-position-cover bdt-overlay bdt-overlay-default bdt-transition-fade\">\n\t\t\t<div class=\"bdt-ep-advanced-image-gallery-content\">\n\t\t\t\t<div class=\"bdt-ep-advanced-image-gallery-content-inner\">\n\n\t\t\t\t\t\t\t\t\t\t\t\t\t\t\t\t<div class=\"bdt-flex-inline bdt-ep-advanced-image-gallery-item-link-wrapper\">\n\t\t\t\t\t\t\t<a class=\"bdt-ep-advanced-image-gallery-item-link elementor-clickable icon-type-icon \" data-elementor-open-lightbox=\"no\" data-caption=\"Ferienwohnung, Monteurwohnung, Monteurzimmer, Ostfriesland, Jemgum, Urlaub, Fehnroute, Nordsee, Meyerwerft, Papenburg, Leer, FeWo, Entspannung\" data-href=\"https:\/\/www.ferienwohnungen-kontor.de\/wp-content\/uploads\/2023\/07\/jemgum-ostfr-wohnzimmer.jpg\">\n\t\t\t\t\t\t\t\t\n\t\t\t\t\t\t\t\t\t\t\t\t\t\t\t\t\t\t\t<span>\n\t\t\t\t\t\t\t\t\t\t\t<i class=\"ep-icon-plus-2\"><\/i>\n\t\t\t\t\t\t\t\t\t\t<\/span>\n\t\t\t\t\t\t\t\t\t\n\t\t\t\t\t\t\t\t\t\t\t\t\t\t\t<\/a>\n\t\t\t\t\t\t<\/div>\n\t\t\t\t\t\n\t\t\t\t\t\t\t\t\t<\/div>\n\t\t\t<\/div>\n\t\t<\/div>\n\t\t\t\t<\/div>\n\n\t\t\t\t\t\t\t<\/div>\n\n\t\t\t\t\t\t\n\t\t\t<div class=\"bdt-ep-advanced-image-gallery-item bdt-transition-toggle\">\n\t\t\t\t<div class=\"bdt-ep-advanced-image-gallery-inner bdt-image-mask\">\n\t\t\t\t\t<div class=\"bdt-ep-advanced-image-gallery-thumbnail bdt-transition-toggle\"><img loading=\"lazy\" decoding=\"async\" width=\"800\" height=\"600\" src=\"https:\/\/www.ferienwohnungen-kontor.de\/wp-content\/uploads\/2023\/07\/jemgum-ostfr-schlafzimmer03-1024x768.jpg\" class=\"jgalleryImage\" alt=\"Jemgum Ostfriesland Schlafzimmer\" srcset=\"https:\/\/www.ferienwohnungen-kontor.de\/wp-content\/uploads\/2023\/07\/jemgum-ostfr-schlafzimmer03-1024x768.jpg 1024w, https:\/\/www.ferienwohnungen-kontor.de\/wp-content\/uploads\/2023\/07\/jemgum-ostfr-schlafzimmer03-300x225.jpg 300w, https:\/\/www.ferienwohnungen-kontor.de\/wp-content\/uploads\/2023\/07\/jemgum-ostfr-schlafzimmer03-768x576.jpg 768w, https:\/\/www.ferienwohnungen-kontor.de\/wp-content\/uploads\/2023\/07\/jemgum-ostfr-schlafzimmer03-1536x1152.jpg 1536w, https:\/\/www.ferienwohnungen-kontor.de\/wp-content\/uploads\/2023\/07\/jemgum-ostfr-schlafzimmer03.jpg 1600w\" sizes=\"(max-width: 800px) 100vw, 800px\" \/><\/div>\t\t<div class=\"bdt-position-cover bdt-overlay bdt-overlay-default bdt-transition-fade\">\n\t\t\t<div class=\"bdt-ep-advanced-image-gallery-content\">\n\t\t\t\t<div class=\"bdt-ep-advanced-image-gallery-content-inner\">\n\n\t\t\t\t\t\t\t\t\t\t\t\t\t\t\t\t<div class=\"bdt-flex-inline bdt-ep-advanced-image-gallery-item-link-wrapper\">\n\t\t\t\t\t\t\t<a class=\"bdt-ep-advanced-image-gallery-item-link elementor-clickable icon-type-icon \" data-elementor-open-lightbox=\"no\" data-caption=\"Ferienwohnung, Monteurwohnung, Monteurzimmer, Ostfriesland, Jemgum, Urlaub, Fehnroute, Nordsee, Meyerwerft, Papenburg, Leer, FeWo, Entspannung\" data-href=\"https:\/\/www.ferienwohnungen-kontor.de\/wp-content\/uploads\/2023\/07\/jemgum-ostfr-schlafzimmer03.jpg\">\n\t\t\t\t\t\t\t\t\n\t\t\t\t\t\t\t\t\t\t\t\t\t\t\t\t\t\t\t<span>\n\t\t\t\t\t\t\t\t\t\t\t<i class=\"ep-icon-plus-2\"><\/i>\n\t\t\t\t\t\t\t\t\t\t<\/span>\n\t\t\t\t\t\t\t\t\t\n\t\t\t\t\t\t\t\t\t\t\t\t\t\t\t<\/a>\n\t\t\t\t\t\t<\/div>\n\t\t\t\t\t\n\t\t\t\t\t\t\t\t\t<\/div>\n\t\t\t<\/div>\n\t\t<\/div>\n\t\t\t\t<\/div>\n\n\t\t\t\t\t\t\t<\/div>\n\n\t\t\t\t\t\t\n\t\t\t<div class=\"bdt-ep-advanced-image-gallery-item bdt-transition-toggle\">\n\t\t\t\t<div class=\"bdt-ep-advanced-image-gallery-inner bdt-image-mask\">\n\t\t\t\t\t<div class=\"bdt-ep-advanced-image-gallery-thumbnail bdt-transition-toggle\"><img loading=\"lazy\" decoding=\"async\" width=\"800\" height=\"600\" src=\"https:\/\/www.ferienwohnungen-kontor.de\/wp-content\/uploads\/2023\/07\/jemgum-ostfr-schlafzimmer04-1024x768.jpg\" class=\"jgalleryImage\" alt=\"Jemgum Ostfriesland Schlafzimmer EG\" srcset=\"https:\/\/www.ferienwohnungen-kontor.de\/wp-content\/uploads\/2023\/07\/jemgum-ostfr-schlafzimmer04-1024x768.jpg 1024w, https:\/\/www.ferienwohnungen-kontor.de\/wp-content\/uploads\/2023\/07\/jemgum-ostfr-schlafzimmer04-300x225.jpg 300w, https:\/\/www.ferienwohnungen-kontor.de\/wp-content\/uploads\/2023\/07\/jemgum-ostfr-schlafzimmer04-768x576.jpg 768w, https:\/\/www.ferienwohnungen-kontor.de\/wp-content\/uploads\/2023\/07\/jemgum-ostfr-schlafzimmer04-1536x1152.jpg 1536w, https:\/\/www.ferienwohnungen-kontor.de\/wp-content\/uploads\/2023\/07\/jemgum-ostfr-schlafzimmer04.jpg 1600w\" sizes=\"(max-width: 800px) 100vw, 800px\" \/><\/div>\t\t<div class=\"bdt-position-cover bdt-overlay bdt-overlay-default bdt-transition-fade\">\n\t\t\t<div class=\"bdt-ep-advanced-image-gallery-content\">\n\t\t\t\t<div class=\"bdt-ep-advanced-image-gallery-content-inner\">\n\n\t\t\t\t\t\t\t\t\t\t\t\t\t\t\t\t<div class=\"bdt-flex-inline bdt-ep-advanced-image-gallery-item-link-wrapper\">\n\t\t\t\t\t\t\t<a class=\"bdt-ep-advanced-image-gallery-item-link elementor-clickable icon-type-icon \" data-elementor-open-lightbox=\"no\" data-caption=\"Ferienwohnung, Monteurwohnung, Monteurzimmer, Ostfriesland, Jemgum, Urlaub, Fehnroute, Nordsee, Meyerwerft, Papenburg, Leer, FeWo, Entspannung\" data-href=\"https:\/\/www.ferienwohnungen-kontor.de\/wp-content\/uploads\/2023\/07\/jemgum-ostfr-schlafzimmer04.jpg\">\n\t\t\t\t\t\t\t\t\n\t\t\t\t\t\t\t\t\t\t\t\t\t\t\t\t\t\t\t<span>\n\t\t\t\t\t\t\t\t\t\t\t<i class=\"ep-icon-plus-2\"><\/i>\n\t\t\t\t\t\t\t\t\t\t<\/span>\n\t\t\t\t\t\t\t\t\t\n\t\t\t\t\t\t\t\t\t\t\t\t\t\t\t<\/a>\n\t\t\t\t\t\t<\/div>\n\t\t\t\t\t\n\t\t\t\t\t\t\t\t\t<\/div>\n\t\t\t<\/div>\n\t\t<\/div>\n\t\t\t\t<\/div>\n\n\t\t\t\t\t\t\t<\/div>\n\n\t\t\t\t<\/div>\n\t\t\t\t\t\t\t<div class=\"bdt-position-z-index bdt-position-center\">\n\t\t\t<div class=\"bdt-arrows-dots-container bdt-slidenav-container \">\n\t\t\t\t\n\t\t\t\t<div class=\"bdt-flex bdt-flex-middle\">\n\t\t\t\t\t<div class=\"bdt-visible@m\">\n\t\t\t\t\t\t<a href=\"\" class=\"bdt-navigation-prev bdt-slidenav-previous bdt-slidenav\" data-bdt-slider-item=\"previous\">\n\t\t\t\t\t\t\t<i class=\"ep-icon-arrow-left-3\" aria-hidden=\"true\"><\/i>\n\t\t\t\t\t\t<\/a>\t\t\t\t\t\t\n\t\t\t\t\t<\/div>\n\n\t\t\t\t\t\t\t\t\t\t\n\t\t\t\t\t<div class=\"bdt-visible@m\">\n\t\t\t\t\t\t<a href=\"\" class=\"bdt-navigation-next bdt-slidenav-next bdt-slidenav\" data-bdt-slider-item=\"next\">\n\t\t\t\t\t\t\t<i class=\"ep-icon-arrow-right-3\" aria-hidden=\"true\"><\/i>\n\t\t\t\t\t\t<\/a>\t\t\t\t\t\t\n\t\t\t\t\t<\/div>\n\t\t\t\t\t\n\t\t\t\t<\/div>\n\t\t\t<\/div>\n\t\t<\/div>\t\t\n\t\t\n\t\t\t\t\t\t\t\t\t<div class=\"bdt-position-z-index bdt-position-bottom-center bdt-visible@m\">\n\t\t\t<div class=\"bdt-dotnav-wrapper bdt-dots-container\">\n\t\t\t\t<ul class=\"bdt-dotnav bdt-flex-center\">\n\n\t\t\t\t    <li class=\"bdt-slider-dotnav bdt-active\" data-bdt-slider-item=\"0\"><a href=\"#\"><\/a><\/li><li class=\"bdt-slider-dotnav bdt-active\" data-bdt-slider-item=\"1\"><a href=\"#\"><\/a><\/li><li class=\"bdt-slider-dotnav bdt-active\" data-bdt-slider-item=\"2\"><a href=\"#\"><\/a><\/li><li class=\"bdt-slider-dotnav bdt-active\" data-bdt-slider-item=\"3\"><a href=\"#\"><\/a><\/li><li class=\"bdt-slider-dotnav bdt-active\" data-bdt-slider-item=\"4\"><a href=\"#\"><\/a><\/li><li class=\"bdt-slider-dotnav bdt-active\" data-bdt-slider-item=\"5\"><a href=\"#\"><\/a><\/li><li class=\"bdt-slider-dotnav bdt-active\" data-bdt-slider-item=\"6\"><a href=\"#\"><\/a><\/li><li class=\"bdt-slider-dotnav bdt-active\" data-bdt-slider-item=\"7\"><a href=\"#\"><\/a><\/li><li class=\"bdt-slider-dotnav bdt-active\" data-bdt-slider-item=\"8\"><a href=\"#\"><\/a><\/li>\n\t\t\t\t<\/ul>\n\t\t\t<\/div>\n\t\t<\/div>\n\t\t\t\t\t\n\t\t\t<\/div>\n\t\t\t\t\t<\/div>\n\t\t\t\t<\/div>\n\t\t\t\t\t<\/div>\n\t\t<\/div>\n\t\t\t\t\t<\/div>\n\t\t<\/section>\n\t\t\t\t<section class=\"elementor-section elementor-top-section elementor-element elementor-element-3f40852 elementor-section-boxed elementor-section-height-default elementor-section-height-default\" data-id=\"3f40852\" data-element_type=\"section\" data-e-type=\"section\">\n\t\t\t\t\t\t<div class=\"elementor-container elementor-column-gap-default\">\n\t\t\t\t\t<div class=\"elementor-column elementor-col-100 elementor-top-column elementor-element elementor-element-6a6a73c\" data-id=\"6a6a73c\" data-element_type=\"column\" data-e-type=\"column\">\n\t\t\t<div class=\"elementor-widget-wrap elementor-element-populated\">\n\t\t\t\t\t\t<div class=\"elementor-element elementor-element-28b731e elementor-widget elementor-widget-heading\" data-id=\"28b731e\" data-element_type=\"widget\" data-e-type=\"widget\" data-widget_type=\"heading.default\">\n\t\t\t\t<div class=\"elementor-widget-container\">\n\t\t\t\t\t<h2 class=\"elementor-heading-title elementor-size-default\">Belegungskalender<\/h2>\t\t\t\t<\/div>\n\t\t\t\t<\/div>\n\t\t\t\t<div class=\"elementor-element elementor-element-b93267f elementor-widget elementor-widget-text-editor\" data-id=\"b93267f\" data-element_type=\"widget\" data-e-type=\"widget\" data-widget_type=\"text-editor.default\">\n\t\t\t\t<div class=\"elementor-widget-container\">\n\t\t\t\t\t\t\t\t\t<div class=\"elementor-element elementor-element-5c97204a elementor-widget elementor-widget-text-editor\" data-id=\"5c97204a\" data-element_type=\"widget\" data-widget_type=\"text-editor.default\"><div class=\"elementor-widget-container\"><p>Bitte vergleichen Sie vor Ihrer Buchungsanfrage Ihren Wunschtermin mit dem unterstehenden Belegungskalender:<\/p><\/div><\/div>\t\t\t\t\t\t\t\t<\/div>\n\t\t\t\t<\/div>\n\t\t\t\t<div class=\"elementor-element elementor-element-454589a elementor-widget elementor-widget-shortcode\" data-id=\"454589a\" data-element_type=\"widget\" data-e-type=\"widget\" data-widget_type=\"shortcode.default\">\n\t\t\t\t<div class=\"elementor-widget-container\">\n\t\t\t\t\t\t\t<div class=\"elementor-shortcode\"><iframe frameborder=\"0\" height=\"500px\" width=\"100%\" src=\"https:\/\/fewo-jemgum-gr-ferienwohnung?iframe=true\"><\/iframe><\/div>\n\t\t\t\t\t\t<\/div>\n\t\t\t\t<\/div>\n\t\t\t\t\t<\/div>\n\t\t<\/div>\n\t\t\t\t\t<\/div>\n\t\t<\/section>\n\t\t\t\t<section class=\"elementor-section elementor-top-section elementor-element elementor-element-2b75e302 elementor-section-boxed elementor-section-height-default elementor-section-height-default\" data-id=\"2b75e302\" data-element_type=\"section\" data-e-type=\"section\" data-settings=\"{&quot;background_background&quot;:&quot;classic&quot;}\">\n\t\t\t\t\t\t<div class=\"elementor-container elementor-column-gap-default\">\n\t\t\t\t\t<div class=\"elementor-column elementor-col-50 elementor-top-column elementor-element elementor-element-24e34fb\" data-id=\"24e34fb\" data-element_type=\"column\" data-e-type=\"column\">\n\t\t\t<div class=\"elementor-widget-wrap elementor-element-populated\">\n\t\t\t\t\t\t<div class=\"elementor-element elementor-element-1bf2a546 elementor-widget elementor-widget-heading\" data-id=\"1bf2a546\" data-element_type=\"widget\" data-e-type=\"widget\" data-widget_type=\"heading.default\">\n\t\t\t\t<div class=\"elementor-widget-container\">\n\t\t\t\t\t<h2 class=\"elementor-heading-title elementor-size-default\">Buchungsanfrage<\/h2>\t\t\t\t<\/div>\n\t\t\t\t<\/div>\n\t\t\t\t<div class=\"elementor-element elementor-element-2cc00f45 elementor-widget elementor-widget-text-editor\" data-id=\"2cc00f45\" data-element_type=\"widget\" data-e-type=\"widget\" data-widget_type=\"text-editor.default\">\n\t\t\t\t<div class=\"elementor-widget-container\">\n\t\t\t\t\t\t\t\t\t<div class=\"elementor-element elementor-element-5c97204a elementor-widget elementor-widget-text-editor\" data-id=\"5c97204a\" data-element_type=\"widget\" data-widget_type=\"text-editor.default\"><div class=\"elementor-widget-container\"><p>Ihre Buchungsanfrage ist nach dem Klick auf dem Button &#8222;SENDEN&#8220; <strong>nicht<\/strong> bindend. Ein*e Mitarbeiter*in wird sich in K\u00fcrze mit Ihnen in Verbindung setzen, um alle Einzelheiten abschlie\u00dfend zu kl\u00e4ren. Bitte hinterlegen Sie f\u00fcr eine schnellstm\u00f6gliche Bearbeitung Ihrer Buchungsanfrage Ihre Telefonnummer.<\/p><\/div><\/div>\t\t\t\t\t\t\t\t<\/div>\n\t\t\t\t<\/div>\n\t\t\t\t<div class=\"elementor-element elementor-element-fe1d476 elementor-button-align-stretch elementor-widget elementor-widget-form\" data-id=\"fe1d476\" data-element_type=\"widget\" data-e-type=\"widget\" data-settings=\"{&quot;step_next_label&quot;:&quot;N\\u00e4chster&quot;,&quot;step_previous_label&quot;:&quot;Voriger&quot;,&quot;button_width&quot;:&quot;100&quot;,&quot;step_type&quot;:&quot;number_text&quot;,&quot;step_icon_shape&quot;:&quot;circle&quot;}\" data-widget_type=\"form.default\">\n\t\t\t\t<div class=\"elementor-widget-container\">\n\t\t\t\t\t\t\t<form class=\"elementor-form\" method=\"post\" name=\"Buchungsformular\" aria-label=\"Buchungsformular\">\n\t\t\t<input type=\"hidden\" name=\"post_id\" value=\"803\"\/>\n\t\t\t<input type=\"hidden\" name=\"form_id\" value=\"fe1d476\"\/>\n\t\t\t<input type=\"hidden\" name=\"referer_title\" value=\"Moderne 2-Zimmer Ferienwohnung in Jemgum\" \/>\n\n\t\t\t\t\t\t\t<input type=\"hidden\" name=\"queried_id\" value=\"803\"\/>\n\t\t\t\n\t\t\t<div class=\"elementor-form-fields-wrapper elementor-labels-\">\n\t\t\t\t\t\t\t\t<div class=\"elementor-field-type-select elementor-field-group elementor-column elementor-field-group-name elementor-col-33\">\n\t\t\t\t\t\t\t\t\t\t\t\t<label for=\"form-field-name\" class=\"elementor-field-label elementor-screen-only\">\n\t\t\t\t\t\t\t\tAnrede\t\t\t\t\t\t\t<\/label>\n\t\t\t\t\t\t\t\t<div class=\"elementor-field elementor-select-wrapper remove-before \">\n\t\t\t<div class=\"select-caret-down-wrapper\">\n\t\t\t\t<i aria-hidden=\"true\" class=\"eicon-caret-down\"><\/i>\t\t\t<\/div>\n\t\t\t<select name=\"form_fields[name]\" id=\"form-field-name\" class=\"elementor-field-textual elementor-size-sm\">\n\t\t\t\t\t\t\t\t\t<option value=\"Anrede\">Anrede<\/option>\n\t\t\t\t\t\t\t\t\t<option value=\"Herr\">Herr<\/option>\n\t\t\t\t\t\t\t\t\t<option value=\"Frau\">Frau<\/option>\n\t\t\t\t\t\t\t\t\t<option value=\"Diverse\">Diverse<\/option>\n\t\t\t\t\t\t\t<\/select>\n\t\t<\/div>\n\t\t\t\t\t\t<\/div>\n\t\t\t\t\t\t\t\t<div class=\"elementor-field-type-text elementor-field-group elementor-column elementor-field-group-field_20156af elementor-col-33\">\n\t\t\t\t\t\t\t\t\t\t\t\t<label for=\"form-field-field_20156af\" class=\"elementor-field-label elementor-screen-only\">\n\t\t\t\t\t\t\t\tVorname\t\t\t\t\t\t\t<\/label>\n\t\t\t\t\t\t\t\t\t\t\t\t\t\t<input size=\"1\" type=\"text\" name=\"form_fields[field_20156af]\" id=\"form-field-field_20156af\" class=\"elementor-field elementor-size-sm  elementor-field-textual\" placeholder=\"Vorname\">\n\t\t\t\t\t\t\t\t\t\t\t<\/div>\n\t\t\t\t\t\t\t\t<div class=\"elementor-field-type-text elementor-field-group elementor-column elementor-field-group-field_97e49ce elementor-col-33 elementor-field-required\">\n\t\t\t\t\t\t\t\t\t\t\t\t<label for=\"form-field-field_97e49ce\" class=\"elementor-field-label elementor-screen-only\">\n\t\t\t\t\t\t\t\tNachname\t\t\t\t\t\t\t<\/label>\n\t\t\t\t\t\t\t\t\t\t\t\t\t\t<input size=\"1\" type=\"text\" name=\"form_fields[field_97e49ce]\" id=\"form-field-field_97e49ce\" class=\"elementor-field elementor-size-sm  elementor-field-textual\" placeholder=\"Nachname\" required=\"required\">\n\t\t\t\t\t\t\t\t\t\t\t<\/div>\n\t\t\t\t\t\t\t\t<div class=\"elementor-field-type-tel elementor-field-group elementor-column elementor-field-group-field_690b613 elementor-col-33 elementor-field-required\">\n\t\t\t\t\t\t\t\t\t\t\t\t<label for=\"form-field-field_690b613\" class=\"elementor-field-label elementor-screen-only\">\n\t\t\t\t\t\t\t\tTelefon\t\t\t\t\t\t\t<\/label>\n\t\t\t\t\t\t\t\t<input size=\"1\" type=\"tel\" name=\"form_fields[field_690b613]\" id=\"form-field-field_690b613\" class=\"elementor-field elementor-size-sm  elementor-field-textual\" placeholder=\"Telefon\" required=\"required\" pattern=\"[0-9()#&amp;+*-=.]+\" title=\"Only numbers and phone characters (#, -, *, etc) are accepted.\">\n\n\t\t\t\t\t\t<\/div>\n\t\t\t\t\t\t\t\t<div class=\"elementor-field-type-email elementor-field-group elementor-column elementor-field-group-email elementor-col-33 elementor-field-required\">\n\t\t\t\t\t\t\t\t\t\t\t\t<label for=\"form-field-email\" class=\"elementor-field-label elementor-screen-only\">\n\t\t\t\t\t\t\t\tE-Mail\t\t\t\t\t\t\t<\/label>\n\t\t\t\t\t\t\t\t\t\t\t\t\t\t<input size=\"1\" type=\"email\" name=\"form_fields[email]\" id=\"form-field-email\" class=\"elementor-field elementor-size-sm  elementor-field-textual\" placeholder=\"E-Mail\" required=\"required\">\n\t\t\t\t\t\t\t\t\t\t\t<\/div>\n\t\t\t\t\t\t\t\t<div class=\"elementor-field-type-number elementor-field-group elementor-column elementor-field-group-field_aa49830 elementor-col-33\">\n\t\t\t\t\t\t\t\t\t\t\t\t<label for=\"form-field-field_aa49830\" class=\"elementor-field-label elementor-screen-only\">\n\t\t\t\t\t\t\t\tWie viele Erwachsene?\t\t\t\t\t\t\t<\/label>\n\t\t\t\t\t\t\t\t\t<input type=\"number\" name=\"form_fields[field_aa49830]\" id=\"form-field-field_aa49830\" class=\"elementor-field elementor-size-sm  elementor-field-textual\" placeholder=\"Wie viele Erwachsene?\" min=\"\" max=\"\" >\n\t\t\t\t\t\t<\/div>\n\t\t\t\t\t\t\t\t<div class=\"elementor-field-type-number elementor-field-group elementor-column elementor-field-group-field_f3b2055 elementor-col-33\">\n\t\t\t\t\t\t\t\t\t\t\t\t<label for=\"form-field-field_f3b2055\" class=\"elementor-field-label elementor-screen-only\">\n\t\t\t\t\t\t\t\tWie viele Kinder?\t\t\t\t\t\t\t<\/label>\n\t\t\t\t\t\t\t\t\t<input type=\"number\" name=\"form_fields[field_f3b2055]\" id=\"form-field-field_f3b2055\" class=\"elementor-field elementor-size-sm  elementor-field-textual\" placeholder=\"Wie viele Kinder?\" min=\"\" max=\"\" >\n\t\t\t\t\t\t<\/div>\n\t\t\t\t\t\t\t\t<div class=\"elementor-field-type-date elementor-field-group elementor-column elementor-field-group-field_bce313c elementor-col-33\">\n\t\t\t\t\t\t\t\t\t\t\t\t<label for=\"form-field-field_bce313c\" class=\"elementor-field-label elementor-screen-only\">\n\t\t\t\t\t\t\t\tAnreisedatum\t\t\t\t\t\t\t<\/label>\n\t\t\t\t\t\t\n\t\t<input type=\"date\" name=\"form_fields[field_bce313c]\" id=\"form-field-field_bce313c\" class=\"elementor-field elementor-size-sm  elementor-field-textual elementor-date-field\" placeholder=\"Anreisedatum\" pattern=\"[0-9]{4}-[0-9]{2}-[0-9]{2}\">\n\t\t\t\t\t\t<\/div>\n\t\t\t\t\t\t\t\t<div class=\"elementor-field-type-date elementor-field-group elementor-column elementor-field-group-field_d321cd3 elementor-col-33\">\n\t\t\t\t\t\t\t\t\t\t\t\t<label for=\"form-field-field_d321cd3\" class=\"elementor-field-label elementor-screen-only\">\n\t\t\t\t\t\t\t\tAbreisedatum\t\t\t\t\t\t\t<\/label>\n\t\t\t\t\t\t\n\t\t<input type=\"date\" name=\"form_fields[field_d321cd3]\" id=\"form-field-field_d321cd3\" class=\"elementor-field elementor-size-sm  elementor-field-textual elementor-date-field\" placeholder=\"Abreisedatum\" pattern=\"[0-9]{4}-[0-9]{2}-[0-9]{2}\">\n\t\t\t\t\t\t<\/div>\n\t\t\t\t\t\t\t\t<div class=\"elementor-field-type-acceptance elementor-field-group elementor-column elementor-field-group-field_4f66288 elementor-col-100\">\n\t\t\t\t\t\t\t\t\t\t\t\t<label for=\"form-field-field_4f66288\" class=\"elementor-field-label elementor-screen-only\">\n\t\t\t\t\t\t\t\tDatenschutz\t\t\t\t\t\t\t<\/label>\n\t\t\t\t\t\t\t\t<div class=\"elementor-field-subgroup\">\n\t\t\t<span class=\"elementor-field-option\">\n\t\t\t\t<input type=\"checkbox\" name=\"form_fields[field_4f66288]\" id=\"form-field-field_4f66288\" class=\"elementor-field elementor-size-sm  elementor-acceptance-field\">\n\t\t\t\t<label for=\"form-field-field_4f66288\"><span style=\"font-weight: normal;\">Ich habe die <a href=\"\/datenschutzerklaerung\" target=\"_blank\" rel=\"noopener\">Datenschutzerkl\u00e4rung<\/a> zur Kenntnis genommen. *<\/span><\/label>\t\t\t<\/span>\n\t\t<\/div>\n\t\t\t\t\t\t<\/div>\n\t\t\t\t\t\t\t\t<div class=\"elementor-field-group elementor-column elementor-field-type-submit elementor-col-100 e-form__buttons\">\n\t\t\t\t\t<button class=\"elementor-button elementor-size-sm\" type=\"submit\">\n\t\t\t\t\t\t<span class=\"elementor-button-content-wrapper\">\n\t\t\t\t\t\t\t\t\t\t\t\t\t\t\t\t\t\t\t\t\t\t<span class=\"elementor-button-text\">Senden<\/span>\n\t\t\t\t\t\t\t\t\t\t\t\t\t<\/span>\n\t\t\t\t\t<\/button>\n\t\t\t\t<\/div>\n\t\t\t<\/div>\n\t\t<\/form>\n\t\t\t\t\t\t<\/div>\n\t\t\t\t<\/div>\n\t\t\t\t\t<\/div>\n\t\t<\/div>\n\t\t\t\t<div class=\"elementor-column elementor-col-50 elementor-top-column elementor-element elementor-element-7d6d107\" data-id=\"7d6d107\" data-element_type=\"column\" data-e-type=\"column\">\n\t\t\t<div class=\"elementor-widget-wrap elementor-element-populated\">\n\t\t\t\t\t\t<div class=\"elementor-element elementor-element-1d094727 elementor-widget elementor-widget-image\" data-id=\"1d094727\" data-element_type=\"widget\" data-e-type=\"widget\" data-widget_type=\"image.default\">\n\t\t\t\t<div class=\"elementor-widget-container\">\n\t\t\t\t\t\t\t\t\t\t\t\t\t\t\t<img loading=\"lazy\" decoding=\"async\" width=\"800\" height=\"534\" src=\"https:\/\/www.ferienwohnungen-kontor.de\/wp-content\/uploads\/2023\/05\/domestic-staff-cleaning-bedroom-1024x683.jpg\" class=\"attachment-large size-large wp-image-470\" alt=\"Reinigung\" srcset=\"https:\/\/www.ferienwohnungen-kontor.de\/wp-content\/uploads\/2023\/05\/domestic-staff-cleaning-bedroom-1024x683.jpg 1024w, https:\/\/www.ferienwohnungen-kontor.de\/wp-content\/uploads\/2023\/05\/domestic-staff-cleaning-bedroom-300x200.jpg 300w, https:\/\/www.ferienwohnungen-kontor.de\/wp-content\/uploads\/2023\/05\/domestic-staff-cleaning-bedroom-768x512.jpg 768w, https:\/\/www.ferienwohnungen-kontor.de\/wp-content\/uploads\/2023\/05\/domestic-staff-cleaning-bedroom.jpg 1080w\" sizes=\"(max-width: 800px) 100vw, 800px\" \/>\t\t\t\t\t\t\t\t\t\t\t\t\t\t\t<\/div>\n\t\t\t\t<\/div>\n\t\t\t\t\t<\/div>\n\t\t<\/div>\n\t\t\t\t\t<\/div>\n\t\t<\/section>\n\t\t\t\t<\/div>\n\t\t","protected":false},"excerpt":{"rendered":"<p>Jemgum 2 Zimmer WHG Beschreibung Diese Wohnung befindet sich in Jemgum in einer ruhigen Wohngegend! Im Ort finden Sie Einkaufsm\u00f6glichkeiten. Die Stadt Leer erreichen Sie schnell in nur 15 Autominuten. In ca. 20 Autominuten erreichen Sie die Meyer Werft! Preis: auf Anfrage Endreinigung und Zwischenreinigungen sind jederzeit gegen Aufpreis m\u00f6glich Lageplan: (Bitte auf den Link [&hellip;]<\/p>\n","protected":false},"author":1,"featured_media":0,"parent":0,"menu_order":0,"comment_status":"closed","ping_status":"closed","template":"","meta":{"inline_featured_image":false,"footnotes":""},"class_list":["post-803","page","type-page","status-publish","hentry"],"yoast_head":"<!-- This site is optimized with the Yoast SEO plugin v28.4 - https:\/\/yoast.com\/product\/yoast-seo-wordpress\/ -->\n<title>Moderne 2-Zimmer Ferienwohnung in Jemgum<\/title>\n<meta name=\"description\" content=\"Besuchen Sie das sch\u00f6ne Jemgum in Ostfriesland. Hier k\u00f6nnen im nahegelegenen Nationalpark das Nieders\u00e4chsische Wattenmeer erleben.\" \/>\n<meta name=\"robots\" content=\"index, follow, max-snippet:-1, max-image-preview:large, max-video-preview:-1\" \/>\n<link rel=\"canonical\" href=\"https:\/\/www.ferienwohnungen-kontor.de\/en\/jemgum-2-zimmer-whg\/\" \/>\n<meta property=\"og:locale\" content=\"en_US\" \/>\n<meta property=\"og:type\" content=\"article\" \/>\n<meta property=\"og:title\" content=\"Moderne 2-Zimmer Ferienwohnung in Jemgum\" \/>\n<meta property=\"og:description\" content=\"Besuchen Sie das sch\u00f6ne Jemgum in Ostfriesland. Hier k\u00f6nnen im nahegelegenen Nationalpark das Nieders\u00e4chsische Wattenmeer erleben.\" \/>\n<meta property=\"og:url\" content=\"https:\/\/www.ferienwohnungen-kontor.de\/en\/jemgum-2-zimmer-whg\/\" \/>\n<meta property=\"og:site_name\" content=\"Ferienwohnungen Wilhelmshaven\" \/>\n<meta property=\"article:modified_time\" content=\"2026-09-03T20:07:13+00:00\" \/>\n<meta property=\"og:image\" content=\"https:\/\/www.ferienwohnungen-kontor.de\/wp-content\/uploads\/2023\/07\/jemgum-ostfr-fassade01.jpg\" \/>\n\t<meta property=\"og:image:width\" content=\"678\" \/>\n\t<meta property=\"og:image:height\" content=\"511\" \/>\n\t<meta property=\"og:image:type\" content=\"image\/jpeg\" \/>\n<meta name=\"twitter:card\" content=\"summary_large_image\" \/>\n<meta name=\"twitter:title\" content=\"Moderne 2-Zimmer Ferienwohnung in Jemgum\" \/>\n<meta name=\"twitter:description\" content=\"Besuchen Sie das sch\u00f6ne Jemgum in Ostfriesland. Hier k\u00f6nnen im nahegelegenen Nationalpark das Nieders\u00e4chsische Wattenmeer erleben.\" \/>\n<meta name=\"twitter:image\" content=\"https:\/\/www.ferienwohnungen-kontor.de\/wp-content\/uploads\/2023\/07\/jemgum-ostfr-fassade01.jpg\" \/>\n<meta name=\"twitter:label1\" content=\"Est. reading time\" \/>\n\t<meta name=\"twitter:data1\" content=\"4 minutes\" \/>\n<script type=\"application\/ld+json\" class=\"yoast-schema-graph\">{\"@context\":\"https:\\\/\\\/schema.org\",\"@graph\":[{\"@type\":\"WebPage\",\"@id\":\"https:\\\/\\\/www.ferienwohnungen-kontor.de\\\/jemgum-2-zimmer-whg\\\/\",\"url\":\"https:\\\/\\\/www.ferienwohnungen-kontor.de\\\/jemgum-2-zimmer-whg\\\/\",\"name\":\"Moderne 2-Zimmer Ferienwohnung in Jemgum\",\"isPartOf\":{\"@id\":\"https:\\\/\\\/www.ferienwohnungen-kontor.de\\\/#website\"},\"primaryImageOfPage\":{\"@id\":\"https:\\\/\\\/www.ferienwohnungen-kontor.de\\\/jemgum-2-zimmer-whg\\\/#primaryimage\"},\"image\":{\"@id\":\"https:\\\/\\\/www.ferienwohnungen-kontor.de\\\/jemgum-2-zimmer-whg\\\/#primaryimage\"},\"thumbnailUrl\":\"https:\\\/\\\/www.ferienwohnungen-kontor.de\\\/wp-content\\\/uploads\\\/2023\\\/07\\\/jemgum-ostfr-kueche-1024x768.jpg\",\"datePublished\":\"2023-06-23T05:43:14+00:00\",\"dateModified\":\"2026-09-03T20:07:13+00:00\",\"description\":\"Besuchen Sie das sch\u00f6ne Jemgum in Ostfriesland. Hier k\u00f6nnen im nahegelegenen Nationalpark das Nieders\u00e4chsische Wattenmeer erleben.\",\"breadcrumb\":{\"@id\":\"https:\\\/\\\/www.ferienwohnungen-kontor.de\\\/jemgum-2-zimmer-whg\\\/#breadcrumb\"},\"inLanguage\":\"en-US\",\"potentialAction\":[{\"@type\":\"ReadAction\",\"target\":[\"https:\\\/\\\/www.ferienwohnungen-kontor.de\\\/jemgum-2-zimmer-whg\\\/\"]}]},{\"@type\":\"ImageObject\",\"inLanguage\":\"en-US\",\"@id\":\"https:\\\/\\\/www.ferienwohnungen-kontor.de\\\/jemgum-2-zimmer-whg\\\/#primaryimage\",\"url\":\"https:\\\/\\\/www.ferienwohnungen-kontor.de\\\/wp-content\\\/uploads\\\/2023\\\/07\\\/jemgum-ostfr-kueche-1024x768.jpg\",\"contentUrl\":\"https:\\\/\\\/www.ferienwohnungen-kontor.de\\\/wp-content\\\/uploads\\\/2023\\\/07\\\/jemgum-ostfr-kueche-1024x768.jpg\"},{\"@type\":\"BreadcrumbList\",\"@id\":\"https:\\\/\\\/www.ferienwohnungen-kontor.de\\\/jemgum-2-zimmer-whg\\\/#breadcrumb\",\"itemListElement\":[{\"@type\":\"ListItem\",\"position\":1,\"name\":\"Startseite\",\"item\":\"https:\\\/\\\/www.ferienwohnungen-kontor.de\\\/\"},{\"@type\":\"ListItem\",\"position\":2,\"name\":\"Jemgum 2-Zimmer WHG\"}]},{\"@type\":\"WebSite\",\"@id\":\"https:\\\/\\\/www.ferienwohnungen-kontor.de\\\/#website\",\"url\":\"https:\\\/\\\/www.ferienwohnungen-kontor.de\\\/\",\"name\":\"Ferienwohnungen Wilhelmshaven\",\"description\":\"Ferien- und Monteurwohnungen Kontor\",\"potentialAction\":[{\"@type\":\"SearchAction\",\"target\":{\"@type\":\"EntryPoint\",\"urlTemplate\":\"https:\\\/\\\/www.ferienwohnungen-kontor.de\\\/?s={search_term_string}\"},\"query-input\":{\"@type\":\"PropertyValueSpecification\",\"valueRequired\":true,\"valueName\":\"search_term_string\"}}],\"inLanguage\":\"en-US\"}]}<\/script>\n<!-- \/ Yoast SEO plugin. -->","yoast_head_json":{"title":"Moderne 2-Zimmer Ferienwohnung in Jemgum","description":"Besuchen Sie das sch\u00f6ne Jemgum in Ostfriesland. Hier k\u00f6nnen im nahegelegenen Nationalpark das Nieders\u00e4chsische Wattenmeer erleben.","robots":{"index":"index","follow":"follow","max-snippet":"max-snippet:-1","max-image-preview":"max-image-preview:large","max-video-preview":"max-video-preview:-1"},"canonical":"https:\/\/www.ferienwohnungen-kontor.de\/en\/jemgum-2-zimmer-whg\/","og_locale":"en_US","og_type":"article","og_title":"Moderne 2-Zimmer Ferienwohnung in Jemgum","og_description":"Besuchen Sie das sch\u00f6ne Jemgum in Ostfriesland. Hier k\u00f6nnen im nahegelegenen Nationalpark das Nieders\u00e4chsische Wattenmeer erleben.","og_url":"https:\/\/www.ferienwohnungen-kontor.de\/en\/jemgum-2-zimmer-whg\/","og_site_name":"Ferienwohnungen Wilhelmshaven","article_modified_time":"2026-09-03T20:07:13+00:00","og_image":[{"width":678,"height":511,"url":"https:\/\/www.ferienwohnungen-kontor.de\/wp-content\/uploads\/2023\/07\/jemgum-ostfr-fassade01.jpg","type":"image\/jpeg"}],"twitter_card":"summary_large_image","twitter_title":"Moderne 2-Zimmer Ferienwohnung in Jemgum","twitter_description":"Besuchen Sie das sch\u00f6ne Jemgum in Ostfriesland. Hier k\u00f6nnen im nahegelegenen Nationalpark das Nieders\u00e4chsische Wattenmeer erleben.","twitter_image":"https:\/\/www.ferienwohnungen-kontor.de\/wp-content\/uploads\/2023\/07\/jemgum-ostfr-fassade01.jpg","twitter_misc":{"Est. reading time":"4 minutes"},"schema":{"@context":"https:\/\/schema.org","@graph":[{"@type":"WebPage","@id":"https:\/\/www.ferienwohnungen-kontor.de\/jemgum-2-zimmer-whg\/","url":"https:\/\/www.ferienwohnungen-kontor.de\/jemgum-2-zimmer-whg\/","name":"Moderne 2-Zimmer Ferienwohnung in Jemgum","isPartOf":{"@id":"https:\/\/www.ferienwohnungen-kontor.de\/#website"},"primaryImageOfPage":{"@id":"https:\/\/www.ferienwohnungen-kontor.de\/jemgum-2-zimmer-whg\/#primaryimage"},"image":{"@id":"https:\/\/www.ferienwohnungen-kontor.de\/jemgum-2-zimmer-whg\/#primaryimage"},"thumbnailUrl":"https:\/\/www.ferienwohnungen-kontor.de\/wp-content\/uploads\/2023\/07\/jemgum-ostfr-kueche-1024x768.jpg","datePublished":"2023-06-23T05:43:14+00:00","dateModified":"2026-09-03T20:07:13+00:00","description":"Besuchen Sie das sch\u00f6ne Jemgum in Ostfriesland. Hier k\u00f6nnen im nahegelegenen Nationalpark das Nieders\u00e4chsische Wattenmeer erleben.","breadcrumb":{"@id":"https:\/\/www.ferienwohnungen-kontor.de\/jemgum-2-zimmer-whg\/#breadcrumb"},"inLanguage":"en-US","potentialAction":[{"@type":"ReadAction","target":["https:\/\/www.ferienwohnungen-kontor.de\/jemgum-2-zimmer-whg\/"]}]},{"@type":"ImageObject","inLanguage":"en-US","@id":"https:\/\/www.ferienwohnungen-kontor.de\/jemgum-2-zimmer-whg\/#primaryimage","url":"https:\/\/www.ferienwohnungen-kontor.de\/wp-content\/uploads\/2023\/07\/jemgum-ostfr-kueche-1024x768.jpg","contentUrl":"https:\/\/www.ferienwohnungen-kontor.de\/wp-content\/uploads\/2023\/07\/jemgum-ostfr-kueche-1024x768.jpg"},{"@type":"BreadcrumbList","@id":"https:\/\/www.ferienwohnungen-kontor.de\/jemgum-2-zimmer-whg\/#breadcrumb","itemListElement":[{"@type":"ListItem","position":1,"name":"Startseite","item":"https:\/\/www.ferienwohnungen-kontor.de\/"},{"@type":"ListItem","position":2,"name":"Jemgum 2-Zimmer WHG"}]},{"@type":"WebSite","@id":"https:\/\/www.ferienwohnungen-kontor.de\/#website","url":"https:\/\/www.ferienwohnungen-kontor.de\/","name":"Ferienwohnungen Wilhelmshaven","description":"Ferien- und Monteurwohnungen Kontor","potentialAction":[{"@type":"SearchAction","target":{"@type":"EntryPoint","urlTemplate":"https:\/\/www.ferienwohnungen-kontor.de\/?s={search_term_string}"},"query-input":{"@type":"PropertyValueSpecification","valueRequired":true,"valueName":"search_term_string"}}],"inLanguage":"en-US"}]}},"_links":{"self":[{"href":"https:\/\/www.ferienwohnungen-kontor.de\/en\/wp-json\/wp\/v2\/pages\/803","targetHints":{"allow":["GET"]}}],"collection":[{"href":"https:\/\/www.ferienwohnungen-kontor.de\/en\/wp-json\/wp\/v2\/pages"}],"about":[{"href":"https:\/\/www.ferienwohnungen-kontor.de\/en\/wp-json\/wp\/v2\/types\/page"}],"author":[{"embeddable":true,"href":"https:\/\/www.ferienwohnungen-kontor.de\/en\/wp-json\/wp\/v2\/users\/1"}],"replies":[{"embeddable":true,"href":"https:\/\/www.ferienwohnungen-kontor.de\/en\/wp-json\/wp\/v2\/comments?post=803"}],"version-history":[{"count":3,"href":"https:\/\/www.ferienwohnungen-kontor.de\/en\/wp-json\/wp\/v2\/pages\/803\/revisions"}],"predecessor-version":[{"id":3124,"href":"https:\/\/www.ferienwohnungen-kontor.de\/en\/wp-json\/wp\/v2\/pages\/803\/revisions\/3124"}],"wp:attachment":[{"href":"https:\/\/www.ferienwohnungen-kontor.de\/en\/wp-json\/wp\/v2\/media?parent=803"}],"curies":[{"name":"wp","href":"https:\/\/api.w.org\/{rel}","templated":true}]}}